{"version":"1.0","provider_name":"103.9 fm","provider_url":"https:\/\/ondauno.com.ar","title":"Accidente de tr\u00e1nsito en Sebasti\u00e1n Costa y Olavarr\u00eda - 103.9 fm","type":"rich","width":600,"height":338,"html":"<blockquote class=\"wp-embedded-content\" data-secret=\"maMsjExTeL\"><a href=\"https:\/\/ondauno.com.ar\/index.php\/2024\/08\/20\/accidente-de-transito-en-sebastian-costa-y-olavarria\/\">Accidente de tr\u00e1nsito en Sebasti\u00e1n Costa y Olavarr\u00eda<\/a><\/blockquote><iframe sandbox=\"allow-scripts\" security=\"restricted\" src=\"https:\/\/ondauno.com.ar\/index.php\/2024\/08\/20\/accidente-de-transito-en-sebastian-costa-y-olavarria\/embed\/#?secret=maMsjExTeL\" width=\"600\" height=\"338\" title=\"&#8220;Accidente de tr\u00e1nsito en Sebasti\u00e1n Costa y Olavarr\u00eda&#8221; &#8212; 103.9 fm\" data-secret=\"maMsjExTeL\" frameborder=\"0\" marginwidth=\"0\" marginheight=\"0\" scrolling=\"no\" class=\"wp-embedded-content\"><\/iframe><script type=\"text\/javascript\">\n\/* <![CDATA[ *\/\n\/*! This file is auto-generated *\/\n!function(d,l){\"use strict\";l.querySelector&&d.addEventListener&&\"undefined\"!=typeof URL&&(d.wp=d.wp||{},d.wp.receiveEmbedMessage||(d.wp.receiveEmbedMessage=function(e){var t=e.data;if((t||t.secret||t.message||t.value)&&!\/[^a-zA-Z0-9]\/.test(t.secret)){for(var s,r,n,a=l.querySelectorAll('iframe[data-secret=\"'+t.secret+'\"]'),o=l.querySelectorAll('blockquote[data-secret=\"'+t.secret+'\"]'),c=new RegExp(\"^https?:$\",\"i\"),i=0;i<o.length;i++)o[i].style.display=\"none\";for(i=0;i<a.length;i++)s=a[i],e.source===s.contentWindow&&(s.removeAttribute(\"style\"),\"height\"===t.message?(1e3<(r=parseInt(t.value,10))?r=1e3:~~r<200&&(r=200),s.height=r):\"link\"===t.message&&(r=new URL(s.getAttribute(\"src\")),n=new URL(t.value),c.test(n.protocol))&&n.host===r.host&&l.activeElement===s&&(d.top.location.href=t.value))}},d.addEventListener(\"message\",d.wp.receiveEmbedMessage,!1),l.addEventListener(\"DOMContentLoaded\",function(){for(var e,t,s=l.querySelectorAll(\"iframe.wp-embedded-content\"),r=0;r<s.length;r++)(t=(e=s[r]).getAttribute(\"data-secret\"))||(t=Math.random().toString(36).substring(2,12),e.src+=\"#?secret=\"+t,e.setAttribute(\"data-secret\",t)),e.contentWindow.postMessage({message:\"ready\",secret:t},\"*\")},!1)))}(window,document);\n\/* ]]> *\/\n<\/script>\n","thumbnail_url":"http:\/\/ondauno.com.ar\/wp-content\/uploads\/2024\/08\/WhatsApp-Image-2024-08-20-at-21.57.27.jpeg","thumbnail_width":1600,"thumbnail_height":1200,"description":"Este martes, aproximadamente a las 15:30 horas, se registr\u00f3 un accidente de tr\u00e1nsito en la intersecci\u00f3n de Sebasti\u00e1n Costa y Olavarr\u00eda. Una camioneta Peugeot Partner colision\u00f3 con un cami\u00f3n municipal recolector de basura. El conductor de la Peugeot Partner, que fue trasladado al centro de salud, sufri\u00f3 lesiones de car\u00e1cter leve. Al lugar acudieron una [&hellip;]"}