{"version":"1.0","provider_name":"103.9 fm","provider_url":"https:\/\/ondauno.com.ar","title":"Se lanz\u00f3 diplomatura sobre trabajo infantil - 103.9 fm","type":"rich","width":600,"height":338,"html":"<blockquote class=\"wp-embedded-content\" data-secret=\"rN7i4nY07H\"><a href=\"https:\/\/ondauno.com.ar\/index.php\/2021\/02\/03\/se-lanzo-diplomatura-sobre-trabajo-infantil\/\">Se lanz\u00f3 diplomatura sobre trabajo infantil<\/a><\/blockquote><iframe sandbox=\"allow-scripts\" security=\"restricted\" src=\"https:\/\/ondauno.com.ar\/index.php\/2021\/02\/03\/se-lanzo-diplomatura-sobre-trabajo-infantil\/embed\/#?secret=rN7i4nY07H\" width=\"600\" height=\"338\" title=\"&#8220;Se lanz\u00f3 diplomatura sobre trabajo infantil&#8221; &#8212; 103.9 fm\" data-secret=\"rN7i4nY07H\" frameborder=\"0\" marginwidth=\"0\" marginheight=\"0\" scrolling=\"no\" class=\"wp-embedded-content\"><\/iframe><script type=\"text\/javascript\">\n\/* <![CDATA[ *\/\n\/*! This file is auto-generated *\/\n!function(d,l){\"use strict\";l.querySelector&&d.addEventListener&&\"undefined\"!=typeof URL&&(d.wp=d.wp||{},d.wp.receiveEmbedMessage||(d.wp.receiveEmbedMessage=function(e){var t=e.data;if((t||t.secret||t.message||t.value)&&!\/[^a-zA-Z0-9]\/.test(t.secret)){for(var s,r,n,a=l.querySelectorAll('iframe[data-secret=\"'+t.secret+'\"]'),o=l.querySelectorAll('blockquote[data-secret=\"'+t.secret+'\"]'),c=new RegExp(\"^https?:$\",\"i\"),i=0;i<o.length;i++)o[i].style.display=\"none\";for(i=0;i<a.length;i++)s=a[i],e.source===s.contentWindow&&(s.removeAttribute(\"style\"),\"height\"===t.message?(1e3<(r=parseInt(t.value,10))?r=1e3:~~r<200&&(r=200),s.height=r):\"link\"===t.message&&(r=new URL(s.getAttribute(\"src\")),n=new URL(t.value),c.test(n.protocol))&&n.host===r.host&&l.activeElement===s&&(d.top.location.href=t.value))}},d.addEventListener(\"message\",d.wp.receiveEmbedMessage,!1),l.addEventListener(\"DOMContentLoaded\",function(){for(var e,t,s=l.querySelectorAll(\"iframe.wp-embedded-content\"),r=0;r<s.length;r++)(t=(e=s[r]).getAttribute(\"data-secret\"))||(t=Math.random().toString(36).substring(2,12),e.src+=\"#?secret=\"+t,e.setAttribute(\"data-secret\",t)),e.contentWindow.postMessage({message:\"ready\",secret:t},\"*\")},!1)))}(window,document);\n\/* ]]> *\/\n<\/script>\n","thumbnail_url":"https:\/\/ondauno.com.ar\/wp-content\/uploads\/2021\/02\/WhatsApp-Image-2021-02-03-at-17.53.19.jpeg","thumbnail_width":700,"thumbnail_height":466,"description":"La firma se desarroll\u00f3 en la Universidad Nacional de Mar del Plata. En el marco de la pol\u00edtica de articulaci\u00f3n estrat\u00e9gica de acciones con las Universidades P\u00fablicas, la ministra de Trabajo bonaerense, Mara Ruiz Malec, firm\u00f3 este mi\u00e9rcoles con el rector de la Universidad Nacional de Mar del Plata, Alfredo Lazzeretti, un convenio de Asistencia [&hellip;]"}