{"version":"1.0","provider_name":"103.9 fm","provider_url":"https:\/\/ondauno.com.ar","title":"\"No podemos llenar la ruta de colectivos vac\u00edos\" - 103.9 fm","type":"rich","width":600,"height":338,"html":"<blockquote class=\"wp-embedded-content\" data-secret=\"oLMl3hcuAV\"><a href=\"https:\/\/ondauno.com.ar\/index.php\/2020\/11\/19\/no-podemos-llenar-la-ruta-de-colectivos-vacios\/\">&#8220;No podemos llenar la ruta de colectivos vac\u00edos&#8221;<\/a><\/blockquote><iframe sandbox=\"allow-scripts\" security=\"restricted\" src=\"https:\/\/ondauno.com.ar\/index.php\/2020\/11\/19\/no-podemos-llenar-la-ruta-de-colectivos-vacios\/embed\/#?secret=oLMl3hcuAV\" width=\"600\" height=\"338\" title=\"&#8220;&#8220;No podemos llenar la ruta de colectivos vac\u00edos&#8221;&#8221; &#8212; 103.9 fm\" data-secret=\"oLMl3hcuAV\" frameborder=\"0\" marginwidth=\"0\" marginheight=\"0\" scrolling=\"no\" class=\"wp-embedded-content\"><\/iframe><script type=\"text\/javascript\">\n\/* <![CDATA[ *\/\n\/*! This file is auto-generated *\/\n!function(d,l){\"use strict\";l.querySelector&&d.addEventListener&&\"undefined\"!=typeof URL&&(d.wp=d.wp||{},d.wp.receiveEmbedMessage||(d.wp.receiveEmbedMessage=function(e){var t=e.data;if((t||t.secret||t.message||t.value)&&!\/[^a-zA-Z0-9]\/.test(t.secret)){for(var s,r,n,a=l.querySelectorAll('iframe[data-secret=\"'+t.secret+'\"]'),o=l.querySelectorAll('blockquote[data-secret=\"'+t.secret+'\"]'),c=new RegExp(\"^https?:$\",\"i\"),i=0;i<o.length;i++)o[i].style.display=\"none\";for(i=0;i<a.length;i++)s=a[i],e.source===s.contentWindow&&(s.removeAttribute(\"style\"),\"height\"===t.message?(1e3<(r=parseInt(t.value,10))?r=1e3:~~r<200&&(r=200),s.height=r):\"link\"===t.message&&(r=new URL(s.getAttribute(\"src\")),n=new URL(t.value),c.test(n.protocol))&&n.host===r.host&&l.activeElement===s&&(d.top.location.href=t.value))}},d.addEventListener(\"message\",d.wp.receiveEmbedMessage,!1),l.addEventListener(\"DOMContentLoaded\",function(){for(var e,t,s=l.querySelectorAll(\"iframe.wp-embedded-content\"),r=0;r<s.length;r++)(t=(e=s[r]).getAttribute(\"data-secret\"))||(t=Math.random().toString(36).substring(2,12),e.src+=\"#?secret=\"+t,e.setAttribute(\"data-secret\",t)),e.contentWindow.postMessage({message:\"ready\",secret:t},\"*\")},!1)))}(window,document);\n\/* ]]> *\/\n<\/script>\n","thumbnail_url":"https:\/\/ondauno.com.ar\/wp-content\/uploads\/2020\/11\/gustavo-gaona.png","thumbnail_width":655,"thumbnail_height":381,"description":"Gustavo Gaona, vocero de la C\u00e1mara de Empresas de Larga Distancia de Transporte P\u00fablico particip\u00f3 de la ma\u00f1ana de COSAS QUE PASAN para conversar sobre la vuelta del servicio. Gaona manifest\u00f3 que &#8220;Trabajamos desde el 19 de marzo para que vuelva la actividad, desde el nivel nacional se autoriz\u00f3 para que se presten servicios de [&hellip;]"}