{"version":"1.0","provider_name":"103.9 fm","provider_url":"https:\/\/ondauno.com.ar","title":"Budapest Tr\u00edo el viernes en La Siciliana - 103.9 fm","type":"rich","width":600,"height":338,"html":"<blockquote class=\"wp-embedded-content\" data-secret=\"pqIWK25sXn\"><a href=\"https:\/\/ondauno.com.ar\/index.php\/2020\/01\/15\/budapest-trio-el-viernes-en-la-siciliana\/\">Budapest Tr\u00edo el viernes en La Siciliana<\/a><\/blockquote><iframe sandbox=\"allow-scripts\" security=\"restricted\" src=\"https:\/\/ondauno.com.ar\/index.php\/2020\/01\/15\/budapest-trio-el-viernes-en-la-siciliana\/embed\/#?secret=pqIWK25sXn\" width=\"600\" height=\"338\" title=\"&#8220;Budapest Tr\u00edo el viernes en La Siciliana&#8221; &#8212; 103.9 fm\" data-secret=\"pqIWK25sXn\" frameborder=\"0\" marginwidth=\"0\" marginheight=\"0\" scrolling=\"no\" class=\"wp-embedded-content\"><\/iframe><script type=\"text\/javascript\">\n\/* <![CDATA[ *\/\n\/*! This file is auto-generated *\/\n!function(d,l){\"use strict\";l.querySelector&&d.addEventListener&&\"undefined\"!=typeof URL&&(d.wp=d.wp||{},d.wp.receiveEmbedMessage||(d.wp.receiveEmbedMessage=function(e){var t=e.data;if((t||t.secret||t.message||t.value)&&!\/[^a-zA-Z0-9]\/.test(t.secret)){for(var s,r,n,a=l.querySelectorAll('iframe[data-secret=\"'+t.secret+'\"]'),o=l.querySelectorAll('blockquote[data-secret=\"'+t.secret+'\"]'),c=new RegExp(\"^https?:$\",\"i\"),i=0;i<o.length;i++)o[i].style.display=\"none\";for(i=0;i<a.length;i++)s=a[i],e.source===s.contentWindow&&(s.removeAttribute(\"style\"),\"height\"===t.message?(1e3<(r=parseInt(t.value,10))?r=1e3:~~r<200&&(r=200),s.height=r):\"link\"===t.message&&(r=new URL(s.getAttribute(\"src\")),n=new URL(t.value),c.test(n.protocol))&&n.host===r.host&&l.activeElement===s&&(d.top.location.href=t.value))}},d.addEventListener(\"message\",d.wp.receiveEmbedMessage,!1),l.addEventListener(\"DOMContentLoaded\",function(){for(var e,t,s=l.querySelectorAll(\"iframe.wp-embedded-content\"),r=0;r<s.length;r++)(t=(e=s[r]).getAttribute(\"data-secret\"))||(t=Math.random().toString(36).substring(2,12),e.src+=\"#?secret=\"+t,e.setAttribute(\"data-secret\",t)),e.contentWindow.postMessage({message:\"ready\",secret:t},\"*\")},!1)))}(window,document);\n\/* ]]> *\/\n<\/script>\n","description":"En MODO M\u00daSICA, Mauricio Ju\u00e1rez entrevist\u00f3 a Emanuel V\u00e1zquez parte de BUDAPEST TR\u00cdO que cont\u00f3 algunos detalles del espect\u00e1culo que presentar\u00e1n desde las 23.30 horas en la Cervecer\u00eda La Siciliana el pr\u00f3ximo viernes. Budapest Tr\u00edo est\u00e1 conformado por: Gustavo Reiner &#8220;Ruso&#8221; en GUITARRA Y VOZ , Emanuel &#8220;EL VASCO&#8221; V\u00e1zquez en BAJO Y COROS y [&hellip;]","thumbnail_url":"https:\/\/ondauno.com.ar\/wp-content\/uploads\/2020\/01\/WhatsApp-Image-2020-01-15-at-20.53.08.jpeg","thumbnail_width":1280,"thumbnail_height":853}