{"version":"1.0","provider_name":"103.9 fm","provider_url":"https:\/\/ondauno.com.ar","title":"En la despedida, Emilio Monz\u00f3 se emocion\u00f3 - 103.9 fm","type":"rich","width":600,"height":338,"html":"<blockquote class=\"wp-embedded-content\" data-secret=\"5aOVGR1jln\"><a href=\"https:\/\/ondauno.com.ar\/index.php\/2019\/11\/20\/en-la-despedida-emilio-monzo-se-emociono\/\">En la despedida, Emilio Monz\u00f3 se emocion\u00f3<\/a><\/blockquote><iframe sandbox=\"allow-scripts\" security=\"restricted\" src=\"https:\/\/ondauno.com.ar\/index.php\/2019\/11\/20\/en-la-despedida-emilio-monzo-se-emociono\/embed\/#?secret=5aOVGR1jln\" width=\"600\" height=\"338\" title=\"&#8220;En la despedida, Emilio Monz\u00f3 se emocion\u00f3&#8221; &#8212; 103.9 fm\" data-secret=\"5aOVGR1jln\" frameborder=\"0\" marginwidth=\"0\" marginheight=\"0\" scrolling=\"no\" class=\"wp-embedded-content\"><\/iframe><script type=\"text\/javascript\">\n\/* <![CDATA[ *\/\n\/*! This file is auto-generated *\/\n!function(d,l){\"use strict\";l.querySelector&&d.addEventListener&&\"undefined\"!=typeof URL&&(d.wp=d.wp||{},d.wp.receiveEmbedMessage||(d.wp.receiveEmbedMessage=function(e){var t=e.data;if((t||t.secret||t.message||t.value)&&!\/[^a-zA-Z0-9]\/.test(t.secret)){for(var s,r,n,a=l.querySelectorAll('iframe[data-secret=\"'+t.secret+'\"]'),o=l.querySelectorAll('blockquote[data-secret=\"'+t.secret+'\"]'),c=new RegExp(\"^https?:$\",\"i\"),i=0;i<o.length;i++)o[i].style.display=\"none\";for(i=0;i<a.length;i++)s=a[i],e.source===s.contentWindow&&(s.removeAttribute(\"style\"),\"height\"===t.message?(1e3<(r=parseInt(t.value,10))?r=1e3:~~r<200&&(r=200),s.height=r):\"link\"===t.message&&(r=new URL(s.getAttribute(\"src\")),n=new URL(t.value),c.test(n.protocol))&&n.host===r.host&&l.activeElement===s&&(d.top.location.href=t.value))}},d.addEventListener(\"message\",d.wp.receiveEmbedMessage,!1),l.addEventListener(\"DOMContentLoaded\",function(){for(var e,t,s=l.querySelectorAll(\"iframe.wp-embedded-content\"),r=0;r<s.length;r++)(t=(e=s[r]).getAttribute(\"data-secret\"))||(t=Math.random().toString(36).substring(2,12),e.src+=\"#?secret=\"+t,e.setAttribute(\"data-secret\",t)),e.contentWindow.postMessage({message:\"ready\",secret:t},\"*\")},!1)))}(window,document);\n\/* ]]> *\/\n<\/script>\n","thumbnail_url":"https:\/\/ondauno.com.ar\/wp-content\/uploads\/2019\/11\/monzo1.jpg","thumbnail_width":711,"thumbnail_height":474,"description":"Durante la \u00faltima sesi\u00f3n como presidente de la C\u00e1mara de Diputados. mocion\u00f3 hoy hasta las l\u00e1grimas cuando fue despedido por los legisladores de todos los bloques pol\u00edticos, que destacaron su labor y su defensa de la &#8220;rosca pol\u00edtica&#8221;, en la \u00faltima sesi\u00f3n del per\u00edodo ordinario del cuerpo legislativo. https:\/\/www.grupolaprovincia.com\/argentina\/monzo-se-emociono-por-el-homenaje-que-le-realizaron-los-diputados-en-la-ultima-sesion-404372"}